{"id":2048,"date":"2018-01-17T21:24:49","date_gmt":"2018-01-17T21:24:49","guid":{"rendered":"https:\/\/natercia.de\/pt\/?post_type=product&#038;p=2048"},"modified":"2018-01-18T16:26:53","modified_gmt":"2018-01-18T16:26:53","slug":"os-meus-demonios-interiores","status":"publish","type":"product","link":"https:\/\/natercia.de\/pt\/produto\/os-meus-demonios-interiores\/","title":{"rendered":"Os meus dem\u00f3nios interiores"},"content":{"rendered":"<h1>\u00a0<\/h1>\n<h1 style=\"text-align: center;\">O Dem\u00f3nio no nosso interior<\/h1>\n<p style=\"text-align: center;\"><span style=\"font-size: 10pt; font-family: 'arial black', sans-serif; color: #000000;\">Trabalho energ\u00e9tico atrav\u00e9s da arte.<\/span><\/p>\n<p style=\"text-align: center;\"><span style=\"font-size: 10pt; font-family: 'arial black', sans-serif; color: #000000;\">Descobre o teu dem\u00f3nio interior.<\/span><\/p>\n<p style=\"text-align: center;\"><span style=\"font-size: 10pt; font-family: 'arial black', sans-serif; color: #000000;\">Eu leio o tema e trabalho-o atrav\u00e9s de um quadro, ou texto.<\/span><\/p>\n<p style=\"text-align: center;\"><span style=\"font-size: 10pt; font-family: 'arial black', sans-serif; color: #000000;\">A dualidade escondida dentro de n\u00f3s, torna-se vis\u00edvel atrav\u00e9s de um trabalho art\u00edstico, <\/span><\/p>\n<p style=\"text-align: center;\"><span style=\"font-size: 10pt; font-family: 'arial black', sans-serif; color: #000000;\">dando-nos a possibilidade de a reconhecer e trabalhar.<\/span><\/p>\n<p style=\"text-align: center;\"><span style=\"font-size: 10pt; font-family: 'arial black', sans-serif; color: #000000;\">Precisamos de muita coragem para reconhecermos o espelho de nossa pr\u00f3pria imagem<\/span><\/p>\n<p style=\"text-align: center;\"><span style=\"font-size: 10pt; font-family: 'arial black', sans-serif; color: #000000;\">e aceitar que temos um monstro interior c\u00e1 dentro, que \u00e9 parte existente de n\u00f3s.<\/span><\/p>\n<p style=\"text-align: center;\"><span style=\"font-size: 10pt; font-family: 'arial black', sans-serif; color: #000000;\">Hoje sei que o podemos manifestar no caminho certo, <\/span><\/p>\n<p style=\"text-align: center;\"><span style=\"font-size: 10pt; font-family: 'arial black', sans-serif; color: #000000;\">aprendendo a usar esse fluxo de energia no lado positivo da vida, na medida em que o reconhecemos <\/span><\/p>\n<p style=\"text-align: center;\"><span style=\"font-size: 10pt; font-family: 'arial black', sans-serif; color: #000000;\">e em amor por n\u00f3s pr\u00f3prios o compensamos.<\/span><\/p>\n<p style=\"text-align: center;\"><span style=\"font-size: 10pt; font-family: 'arial black', sans-serif; color: #000000;\">Como somos duais, precisamos de dois quadros. para que se manifestem esses dois lados que vivem separados dentro de n\u00f3s.<\/span><\/p>\n<p style=\"text-align: center;\"><span style=\"font-size: 10pt; font-family: 'arial black', sans-serif; color: #000000;\">Um quadro manifesta o lado que n\u00e3o est\u00e1 coordenado com o fluxo energ\u00e9tico, o negativo,<\/span><\/p>\n<p style=\"text-align: center;\"><span style=\"color: #000000;\"><span style=\"font-size: 10pt; font-family: 'arial black', sans-serif;\">\u00a0o outro o positivo o\u00a0<\/span><span style=\"font-size: 10pt; font-family: 'arial black', sans-serif;\">que sempre esteve no fluxo.<\/span><\/span><\/p>\n<p style=\"text-align: center;\"><span style=\"font-size: 10pt; font-family: 'arial black', sans-serif; color: #000000;\">Ao olhar-se para o quadro, reflecte-se no nosso c\u00e9rebro a fun\u00e7\u00e3o que est\u00e1 bloqueada <\/span><\/p>\n<p style=\"text-align: center;\"><span style=\"font-size: 10pt; font-family: 'arial black', sans-serif; color: #000000;\">e\u00a0 o conceito ideal que nos ajuda a unificar a energia, abre-se dentro do nosso sistema.<\/span><\/p>\n<p style=\"text-align: center;\"><span style=\"font-size: 10pt; font-family: 'arial black', sans-serif; color: #000000;\">Os quadros e os textos s\u00e3o pintados e escritos de forma que a energia est\u00e1 sempre coordenada <\/span><\/p>\n<p style=\"text-align: center;\"><span style=\"font-size: 10pt; font-family: 'arial black', sans-serif; color: #000000;\">com o que cada um precisa para si.<\/span><\/p>\n<p style=\"text-align: center;\"><span style=\"font-size: 10pt; font-family: 'arial black', sans-serif; color: #000000;\">Quer dizer que n\u00e3o tem que se entender, s\u00f3 tem que ser aceite.<\/span><\/p>\n<p style=\"text-align: center;\"><span style=\"font-size: 10pt; font-family: 'arial black', sans-serif; color: #000000;\">O tema \u00e9 sempre determinado pela energia que se quer libertar em n\u00f3s.<\/span><\/p>\n<p style=\"text-align: center;\"><span style=\"font-size: 10pt; font-family: 'arial black', sans-serif; color: #000000;\">O equil\u00edbrio energ\u00e9tico do trabalho em valor monet\u00e1rio \u00e9 de 300\u20ac para um quadro, <\/span><\/p>\n<p style=\"text-align: center;\"><span style=\"font-size: 10pt; font-family: 'arial black', sans-serif; color: #000000;\">caso seja necess\u00e1rio um texto a acompanhar, o pre\u00e7o ser\u00e1 estipulado conforme o tema pelo mundo Espiritual que trabalha na nossa energia.<\/span><\/p>\n<p style=\"text-align: center;\"><span style=\"font-size: 10pt; font-family: 'arial black', sans-serif; color: #000000;\">Como quase sempre s\u00e3o dois quadros, ofere\u00e7o um quadro caso seja preciso um texto <\/span><\/p>\n<p style=\"text-align: center;\"><span style=\"font-size: 10pt; font-family: 'arial black', sans-serif; color: #000000;\">que o defina a acompanhar.<\/span><\/p>\n<p style=\"text-align: center;\"><span style=\"font-size: 10pt; font-family: 'arial black', sans-serif; color: #000000;\">Fico muit\u00edssimo satisfeita pela V. corajosa decis\u00e3o<\/span><\/p>\n<p style=\"text-align: center;\"><span style=\"font-size: 10pt; font-family: 'arial black', sans-serif; color: #000000;\">Obrigado<\/span><\/p>\n<p style=\"text-align: center;\"><span style=\"font-size: 10pt; font-family: 'arial black', sans-serif; color: #000000;\">Com amor Yonis<\/span><\/p>\n<p>&nbsp;<\/p>\n<p>&nbsp;<\/p>\n<p style=\"text-align: center;\">\u00a0<\/p>\n","protected":false},"excerpt":{"rendered":"[dropshadowbox align=\"none\" effect=\"raised\" width=\"120px\" height=\"40px\" background_color=\"#f0efef\" border_width=\"1\" border_color=\"#dddddd\" rounded_corners=\"false\" inside_shadow=\"false\" outside_shadow=\"false\" ]\u00d3leo sobre tela[\/dropshadowbox]\n[caption id=\"attachment_1656\" align=\"alignleft\" width=\"150\"]<img loading=\"lazy\" decoding=\"async\" class=\"wp-image-1656 size-thumbnail\" src=\"https:\/\/natercia.de\/pt\/wp-content\/uploads\/2014\/04\/orimin-150x150.jpg\" alt=\"\" width=\"150\" height=\"150\" data-id=\"1656\" \/> Dualidade da mulher\u00a0 \u00a0\u00a0[\/caption]\n<p><a href=\"https:\/\/natercia.de\/de\/produkt\/unsere-innere-daemonen\"><img loading=\"lazy\" decoding=\"async\" class=\"alignnone  wp-image-1507\" src=\"https:\/\/natercia.de\/pt\/wp-content\/uploads\/2015\/09\/de.gif\" alt=\"\" width=\"44\" height=\"30\" data-id=\"1507\" \/><\/a><\/p>\n","protected":false},"featured_media":2049,"comment_status":"open","ping_status":"closed","template":"","meta":[],"product_brand":[],"product_cat":[67,38],"product_tag":[74,75],"class_list":{"0":"post-2048","1":"product","2":"type-product","3":"status-publish","4":"has-post-thumbnail","6":"product_cat-a-liberdade-em-mim","7":"product_cat-alegria-de-viver-em-mim","8":"product_tag-apagar-os-traumas","9":"product_tag-arte-da-alma","10":"product_shipping_class-neutral","12":"first","13":"instock","14":"sold-individually","15":"shipping-taxable","16":"purchasable","17":"product-type-simple"},"_links":{"self":[{"href":"https:\/\/natercia.de\/pt\/wp-json\/wp\/v2\/product\/2048","targetHints":{"allow":["GET"]}}],"collection":[{"href":"https:\/\/natercia.de\/pt\/wp-json\/wp\/v2\/product"}],"about":[{"href":"https:\/\/natercia.de\/pt\/wp-json\/wp\/v2\/types\/product"}],"replies":[{"embeddable":true,"href":"https:\/\/natercia.de\/pt\/wp-json\/wp\/v2\/comments?post=2048"}],"wp:featuredmedia":[{"embeddable":true,"href":"https:\/\/natercia.de\/pt\/wp-json\/wp\/v2\/media\/2049"}],"wp:attachment":[{"href":"https:\/\/natercia.de\/pt\/wp-json\/wp\/v2\/media?parent=2048"}],"wp:term":[{"taxonomy":"product_brand","embeddable":true,"href":"https:\/\/natercia.de\/pt\/wp-json\/wp\/v2\/product_brand?post=2048"},{"taxonomy":"product_cat","embeddable":true,"href":"https:\/\/natercia.de\/pt\/wp-json\/wp\/v2\/product_cat?post=2048"},{"taxonomy":"product_tag","embeddable":true,"href":"https:\/\/natercia.de\/pt\/wp-json\/wp\/v2\/product_tag?post=2048"}],"curies":[{"name":"wp","href":"https:\/\/api.w.org\/{rel}","templated":true}]}}