{"id":372,"date":"2014-04-29T21:36:21","date_gmt":"2014-04-29T21:36:21","guid":{"rendered":"http:\/\/natercia.de\/?page_id=372"},"modified":"2018-09-17T20:21:53","modified_gmt":"2018-09-17T19:21:53","slug":"quero-ser-o-que-sou","status":"publish","type":"page","link":"https:\/\/natercia.de\/pt\/quero-ser-o-que-sou\/","title":{"rendered":"Quero ser o que sou"},"content":{"rendered":"<p><a href=\"https:\/\/natercia.de\/de\/ich-will-das-sein-was-ich-bin\/\"><img loading=\"lazy\" decoding=\"async\" class=\"alignright size-full wp-image-1507\" src=\"https:\/\/natercia.de\/pt\/wp-content\/uploads\/2015\/09\/de.gif\" alt=\"Deutsch\" width=\"35\" height=\"20\" data-id=\"1507\" \/><\/a> \u00a0 \u00a0<\/p>\n<p style=\"text-align: center;\">\u00a0<\/p>\n<p style=\"text-align: center;\"><span style=\"font-size: 14pt;\">\u2665<\/span><\/p>\n<p style=\"text-align: center;\"><span style=\"color: #003300; font-size: large; font-family: book antiqua,palatino;\">Quero s\u00f3 aceitar o que sou!!<\/span><\/p>\n<p style=\"text-align: center;\"><span style=\"color: #003300; font-size: large; font-family: book antiqua,palatino;\">No nosso nome est\u00e1 a conclus\u00e3o do que somos como Seres, que transformam a vida<\/span><\/p>\n<p style=\"text-align: center;\"><span style=\"color: #003300; font-size: large; font-family: book antiqua,palatino;\"> no Ser divino.<\/span><\/p>\n<p style=\"text-align: center;\"><span style=\"color: #003300; font-size: large; font-family: book antiqua,palatino;\">Aquilo que n\u00f3s conseguimos perceber, durante o tempo que vivemos neste planeta, <\/span><\/p>\n<p style=\"text-align: center;\"><span style=\"color: #003300; font-size: large; font-family: book antiqua,palatino;\">\u00e9 parte integral do que n\u00f3s pr\u00f3prios sabemos que somos&#8230; dentro do Universo onde nascemos e podemos dizer que somos provenientes.<\/span><\/p>\n<p style=\"text-align: center;\">\u00a0<\/p>\n<p style=\"text-align: center;\"><span style=\"color: #003300; font-size: large; font-family: book antiqua,palatino;\">A vida \u00e9 pr\u00f3pria do Ser que vivemos\u00a0 &#8211; !! &#8220; na vida onde pensamos que sabemos,<\/span><\/p>\n<p style=\"text-align: center;\"><span style=\"color: #003300; font-size: large; font-family: book antiqua,palatino;\"> que n\u00e3o somos mais do que aquilo que queremos!!?? &#8222;<br \/>\n<\/span><\/p>\n<p style=\"text-align: center;\">\u00a0<\/p>\n<p style=\"text-align: center;\"><img loading=\"lazy\" decoding=\"async\" class=\"aligncenter  wp-image-1614\" src=\"https:\/\/natercia.de\/pt\/wp-content\/uploads\/2015\/09\/1048173_3284798054149_12238248_o-e1442336581978.jpg\" alt=\"\" width=\"511\" height=\"83\" data-id=\"1614\" \/><\/p>\n<p style=\"text-align: center;\">\u00a0<\/p>\n<h2 class=\"alignleft\"><span style=\"color: #993300;\">\u00a0 \u00a0 \u00a0 \u00a0 \u00a0 \u00a0\u00a0\u00a0 !!! ERRO!!!???\t\t\t<i class=\"icon-pause \" style=\"font-size:14px; display:inline-block; color:#FF0000; \t\t\t\"><\/i>\n\t\t\t\t<\/span><\/h2>\n<p>&nbsp;<\/p>\n<p>&nbsp;<\/p>\n<h3 style=\"text-align: center;\"><span style=\"font-family: andale mono,times; color: #993366;\">A vida que faz parte do Ser que somos&#8230;\u00a0 \u00e9 s\u00f3 o prazer de sentir <\/span><\/h3>\n<h3 style=\"text-align: center;\"><span style=\"font-family: andale mono,times; color: #993366;\">que viver \u00e9:\u00a0 &#8211; alegria, prazer e dignidade, sobre cada dia que vivemos, damos e sentimos e sobretudo, daquilo que nunca <\/span><\/h3>\n<h3 style=\"text-align: center;\"><span style=\"font-family: andale mono,times; color: #993366;\">pensamos que pudesse ser poss\u00edvel existir&#8230; <\/span><\/h3>\n<h3 style=\"text-align: center;\"><span style=\"font-family: andale mono,times; color: #993366;\">no que afinal sempre &#8230; <\/span><\/h3>\n<h3 style=\"text-align: center;\"><span style=\"font-family: andale mono,times; color: #993366;\">\u00a0<span style=\"color: #003366; font-size: medium;\">somos e nunca percebemos que era parte de n\u00f3s mesmos.<\/span>\u00a0 <br \/>\n<\/span><\/h3>\n<p>&nbsp;<\/p>\n<h2 style=\"font-family: Courier New,Courier,mono; font-size: 12px; font-style: normal; background-color: #fbbbd1; background-position: left center;\"><span style=\"color: #000000;\">A vida integral do Ser num corpo, gerido e mantido vivo, na vida que somos: &#8211; em fazer, poder, integrar e sentir&#8230; \u00e9 atrav\u00e9s daquilo que aprendemos, muito mais do que pensamos, para podermos muito mais, do que fazer s\u00f3 o que nos foi imposto, imposto e submetido a ser devido.<br \/>\n<\/span><\/h2>\n<p>&nbsp;<\/p>\n<p style=\"text-align: left;\">Seriamos sempre s\u00f3 o que somos assim, sem que nunca pud\u00e9ssemos ser livres na nossa mente, moral, equi\u00edbrio<\/p>\n<p style=\"text-align: left;\">e bem estar????<\/p>\n<p style=\"text-align: left;\">Sem que nos pud\u00e9ssemos regozijar do que somos???<\/p>\n<p style=\"text-align: left;\">E sem que algu\u00e9m nos ajudasse a\u00a0 amar, sem equil\u00edbrio ps\u00edquico e sem amor pelo pr\u00f3ximo, sem que nos destru\u00edssemos de desespero e vaidades???<\/p>\n<p style=\"text-align: left;\">\u00a0<\/p>\n<p style=\"text-align: left;\">Na vida a moral e&#8216; reciproca, o amor e&#8216; anal e a vida e&#8216; composta de desilus\u00f5es&#8230;\u00a0 s\u00f3 quando n\u00f3s aceitamos ser o<\/p>\n<p style=\"text-align: left;\">que cada um nos obriga a ser, por imposi\u00e7\u00f5es e desgostos, sem geito e organiza\u00e7\u00e3o.<\/p>\n<p style=\"text-align: left;\">\u00a0<\/p>\n<p style=\"text-align: left;\">Somos o que somos e devemos lutar pelo que nos somos e nunca por leis que nos obrigam a destruir tudo o que<\/p>\n<p style=\"text-align: left;\">Deus nos ensina, na nossa\u00a0<span style=\"text-decoration: underline;\"><span style=\"font-family: Times New Roman,Times,serif; font-size: 10px; font-style: oblique; font-weight: normal; color: #0000ff; text-decoration: underline; background-color: #ffcbd5; visibility: visible; overflow: visible;\"> vida \u00a0<\/span><\/span> divinamente dita &#8211; s\u00f3 nossa!<\/p>\n<p>&nbsp;<\/p>\n<figure id=\"attachment_2050\" class=\"thumbnail wp-caption aligncenter\" style=\"width: 264px\"><img loading=\"lazy\" decoding=\"async\" class=\" wp-image-2050\" src=\"https:\/\/natercia.de\/pt\/wp-content\/uploads\/2018\/01\/IMG_2073-300x294.jpg\" alt=\"\" width=\"264\" height=\"259\" data-id=\"2050\" srcset=\"https:\/\/natercia.de\/pt\/wp-content\/uploads\/2018\/01\/IMG_2073-300x294.jpg 300w, https:\/\/natercia.de\/pt\/wp-content\/uploads\/2018\/01\/IMG_2073-2000x1962.jpg 2000w\" sizes=\"auto, (max-width: 264px) 100vw, 264px\" \/><figcaption class=\"caption wp-caption-text\"><span style=\"font-size: 14pt;\">Unicornio<\/span><\/figcaption><\/figure>\n<p style=\"text-align: center;\"><strong><span style=\"font-size: 14pt;\"><em><span style=\"font-family: book antiqua,palatino;\">Yonis em Luz<\/span><\/em><\/span><\/strong><\/p>\n<p style=\"text-align: center;\"><a href=\"https:\/\/natercia.de\/pt\/\">\u00a0https:\/\/natercia.de\/pt\/<\/a><\/p>\n<p style=\"text-align: center;\">\u00a0<\/p>\n<p>&nbsp;<\/p>\n<p>&nbsp;<\/p>\n","protected":false},"excerpt":{"rendered":"<p>\u00a0 \u00a0 \u00a0 \u2665 Quero s\u00f3 aceitar o que sou!! No nosso nome est\u00e1 a conclus\u00e3o do que somos como Seres, que transformam a vida no Ser divino. Aquilo que n\u00f3s conseguimos perceber, durante o tempo que vivemos neste planeta, \u00e9 parte integral do que n\u00f3s pr\u00f3prios sabemos que somos&#8230; dentro do &hellip; <a class=\"kt-excerpt-readmore\" href=\"https:\/\/natercia.de\/pt\/quero-ser-o-que-sou\/\" aria-label=\"Quero ser o que sou\">ler mais<\/a><\/p>\n","protected":false},"author":1,"featured_media":1529,"parent":0,"menu_order":0,"comment_status":"open","ping_status":"closed","template":"","meta":{"footnotes":""},"class_list":["post-372","page","type-page","status-publish","has-post-thumbnail","hentry"],"_links":{"self":[{"href":"https:\/\/natercia.de\/pt\/wp-json\/wp\/v2\/pages\/372","targetHints":{"allow":["GET"]}}],"collection":[{"href":"https:\/\/natercia.de\/pt\/wp-json\/wp\/v2\/pages"}],"about":[{"href":"https:\/\/natercia.de\/pt\/wp-json\/wp\/v2\/types\/page"}],"author":[{"embeddable":true,"href":"https:\/\/natercia.de\/pt\/wp-json\/wp\/v2\/users\/1"}],"replies":[{"embeddable":true,"href":"https:\/\/natercia.de\/pt\/wp-json\/wp\/v2\/comments?post=372"}],"version-history":[{"count":27,"href":"https:\/\/natercia.de\/pt\/wp-json\/wp\/v2\/pages\/372\/revisions"}],"predecessor-version":[{"id":2073,"href":"https:\/\/natercia.de\/pt\/wp-json\/wp\/v2\/pages\/372\/revisions\/2073"}],"wp:featuredmedia":[{"embeddable":true,"href":"https:\/\/natercia.de\/pt\/wp-json\/wp\/v2\/media\/1529"}],"wp:attachment":[{"href":"https:\/\/natercia.de\/pt\/wp-json\/wp\/v2\/media?parent=372"}],"curies":[{"name":"wp","href":"https:\/\/api.w.org\/{rel}","templated":true}]}}