{"id":1888,"date":"2015-12-20T17:53:42","date_gmt":"2015-12-20T16:53:42","guid":{"rendered":"https:\/\/natercia.de\/de\/?page_id=1888"},"modified":"2017-05-18T11:39:18","modified_gmt":"2017-05-18T09:39:18","slug":"ich-bin-was-ich-bin","status":"publish","type":"page","link":"https:\/\/natercia.de\/de\/ich-bin-was-ich-bin\/","title":{"rendered":"ich bin was ich bin"},"content":{"rendered":"<p><a href=\"https:\/\/natercia.de\/pt\/eu-sou-o-que-sou\/\"><img loading=\"lazy\" decoding=\"async\" class=\"alignright wp-image-1561\" src=\"https:\/\/natercia.de\/de\/wp-content\/uploads\/2015\/09\/pt-e1449424035175.png\" alt=\"portugu\u00eas\" width=\"40\" height=\"28\" data-id=\"1561\" \/><\/a><\/p>\n<p>&nbsp;<\/p>\n<div class='dropshadowboxes-container dropshadowboxes-center ' style='width:100%;'>\r\n                            <div class='dropshadowboxes-drop-shadow dropshadowboxes-rounded-corners dropshadowboxes-inside-and-outside-shadow dropshadowboxes-lifted-both dropshadowboxes-effect-default' style='width:auto; border: 3px solid #837b6c; height:; background-color:#c7f337;    '>\r\n                            \n<p style=\"text-align: center;\">\u00a0<\/p>\n<p style=\"text-align: center;\"><span style=\"font-family: book antiqua,palatino,serif; font-size: 18pt;\"><strong>Ich und ich\u00a0<\/strong><\/span><\/p>\n<p style=\"text-align: center;\">\u00a0<\/p>\n<p style=\"text-align: center;\"><span style=\"font-size: 14pt; font-family: arial black,sans-serif;\"> Heute bin ich mir entgegen gekommen <\/span><\/p>\n<p style=\"text-align: center;\"><span style=\"font-size: 14pt; font-family: arial black,sans-serif;\">und fand nicht das was ich bin. <\/span><\/p>\n<p style=\"text-align: center;\"><span style=\"font-size: 14pt; font-family: arial black,sans-serif;\">Was ich gefunden habe, war das, <\/span><\/p>\n<p style=\"text-align: center;\"><span style=\"font-size: 14pt; font-family: arial black,sans-serif;\">was andere nicht wissen, was sie sind. <\/span><\/p>\n<p style=\"text-align: center;\"><span style=\"font-size: 14pt; font-family: arial black,sans-serif;\">Das was ich bin ist Trance. <\/span><\/p>\n<p style=\"text-align: center;\"><span style=\"font-size: 14pt; font-family: arial black,sans-serif;\">Trance die ewig h\u00e4lt und mich davon abbringt mich auf die ideale Weise zu akzeptieren. <\/span><\/p>\n<p style=\"text-align: center;\"><span style=\"font-size: 14pt; font-family: arial black,sans-serif;\">Ich kann sehen, h\u00f6ren, f\u00fchlen und vor allem bin ich entsetzt von dem was ich in mir sehe. <\/span><\/p>\n<p style=\"text-align: center;\"><span style=\"font-size: 14pt; font-family: arial black,sans-serif;\">Ich sehe mich krank, ersch\u00f6pft und durcheinander und frage mich wieso keiner mich versteht. <\/span><\/p>\n<p style=\"text-align: center;\"><span style=\"font-size: 14pt; font-family: arial black,sans-serif;\">Die L\u00f6sung habe ich nicht gefunden und das <\/span><\/p>\n<p style=\"text-align: center;\"><span style=\"font-size: 14pt; font-family: arial black,sans-serif;\">Abwarten ist unglaublich lang und leidend. <\/span><\/p>\n<p style=\"text-align: center;\"><span style=\"font-size: 14pt; font-family: arial black,sans-serif;\">Wer wei\u00df ob ich noch die Gabe benutzen kann um den Menschen sagen zu k\u00f6nnen, <\/span><\/p>\n<p style=\"text-align: center;\"><span style=\"font-size: 14pt; font-family: arial black,sans-serif;\">das im Unbewusst alles existiert und nichts ist so wie man denkt. <\/span><\/p>\n<p style=\"text-align: center;\"><span style=\"font-size: 14pt; font-family: arial black,sans-serif;\">In mir gibt es auch das was ich meine &#8222;Mein&#8220; zu sein: <\/span><\/p>\n<p style=\"text-align: center;\"><span style=\"font-size: 14pt; font-family: arial black,sans-serif;\">Ich, mein eigenes Ich und noch mal ich. <\/span><\/p>\n<p style=\"text-align: center;\"><span style=\"font-size: 14pt; font-family: arial black,sans-serif;\">Um mich in mir wieder zu finden, brauche ich: <\/span><\/p>\n<p style=\"text-align: center;\"><span style=\"font-size: 14pt; font-family: arial black,sans-serif;\">Geduld, Frieden und Freiheit <\/span><\/p>\n<p style=\"text-align: center;\">\u00a0<\/p>\n<p style=\"text-align: center;\"><span style=\"font-size: 14pt; font-family: arial black,sans-serif;\">Texte aus dem Trance in mir <\/span><\/p>\n<p style=\"text-align: center;\"><span style=\"font-size: 14pt; font-family: arial black,sans-serif;\">Yonis <\/span><\/p>\n<p style=\"text-align: center;\">\u00a0<\/p>\n<p style=\"text-align: center;\">\u00a0<\/p>\n\r\n                            <\/div>\r\n                        <\/div>\n<p>&nbsp;<\/p>\n<p>&nbsp;<\/p>\n<p>&nbsp;<\/p>\n<p><img loading=\"lazy\" decoding=\"async\" class=\"wp-image-1478  aligncenter\" src=\"https:\/\/natercia.de\/de\/wp-content\/uploads\/2015\/08\/cimg.eu_.46271-240x300.jpg\" alt=\"cimg.eu_.46271\" width=\"193\" height=\"241\" data-id=\"1478\" srcset=\"https:\/\/natercia.de\/de\/wp-content\/uploads\/2015\/08\/cimg.eu_.46271-240x300.jpg 240w, https:\/\/natercia.de\/de\/wp-content\/uploads\/2015\/08\/cimg.eu_.46271.jpg 371w\" sizes=\"(max-width: 193px) 100vw, 193px\" \/><\/p>\n<h1 style=\"text-align: center;\">\u00a0<\/h1>\n<h1 style=\"text-align: center;\"><span style=\"color: #993300;\">Ich bin was ich bin.<\/span><\/h1>\n<h1 style=\"text-align: center;\"><span style=\"color: #993300;\"> Und nur das was ich bin<\/span><\/h1>\n<p style=\"text-align: center;\"><span style=\"color: #993300; font-size: 18pt;\"><span style=\"font-family: andale mono,monospace;\"> \u00bf\u00bf\u00bf ist es das, was ich sein will ???<\/span> <\/span><\/p>\n<h1 style=\"text-align: center;\"><span style=\"color: #993300;\">wenn der Name sagt:<\/span><\/h1>\n<h1 style=\"text-align: center;\"><span style=\"color: #000000;\"> &#8222;Yonis du bist schwarzes Licht &#8222;<\/span><\/h1>\n<p style=\"text-align: center;\"><span style=\"color: #993300; font-family: arial,helvetica,sans-serif; font-size: 14pt;\"> Und das schwarze Licht sagt, dass ich wei\u00df, dass ich schwarz bin!? <\/span><\/p>\n<p style=\"text-align: center;\"><span style=\"color: #993300; font-family: arial,helvetica,sans-serif; font-size: 14pt;\">Wie soll ich das machen??? !!<\/span><\/p>\n<p style=\"text-align: center;\"><span style=\"color: #993300; font-family: arial,helvetica,sans-serif; font-size: 14pt;\"> Wenn ich nicht verstehe, wo und was mein Licht in dem Namen ist, was ich bin???!!! <\/span><\/p>\n<p style=\"text-align: center;\"><span style=\"color: #993300; font-family: arial,helvetica,sans-serif; font-size: 14pt;\">Bin ich nur Licht?? <\/span><\/p>\n<p style=\"text-align: center;\"><span style=\"color: #993300; font-family: arial,helvetica,sans-serif; font-size: 14pt;\">Bin ich wirklich schwarzes Licht?? <\/span><\/p>\n<p style=\"text-align: center;\"><span style=\"color: #993300; font-family: arial,helvetica,sans-serif; font-size: 14pt;\">Oder kann das schwarze Licht <\/span><\/p>\n<p style=\"text-align: center;\"><span style=\"color: #993300; font-family: arial,helvetica,sans-serif; font-size: 14pt;\">das <span style=\"color: #0000ff;\">&#8220; Om &#8222;<\/span> sein, welches alles beherrscht und was unser Leben in dem K\u00f6rper erweckt, <\/span><\/p>\n<p style=\"text-align: center;\"><span style=\"color: #993300; font-family: arial,helvetica,sans-serif; font-size: 14pt;\">den ich habe und regiere???<\/span><\/p>\n<p style=\"text-align: center;\"><span style=\"color: #993300; font-family: arial,helvetica,sans-serif; font-size: 14pt;\"> Ich regieren es, ich wei\u00df was ich esse und was ich trinke; ich wei\u00df was ich tr\u00e4ume <\/span><\/p>\n<p style=\"text-align: center;\"><span style=\"color: #993300; font-family: arial,helvetica,sans-serif; font-size: 14pt;\">und wei\u00df was ich tun will&#8230;<\/span><\/p>\n<p style=\"text-align: center;\"><span style=\"color: #993300; font-family: arial,helvetica,sans-serif; font-size: 14pt;\"> Nur im Leben von Yonis &#8230;<\/span><\/p>\n<h1 style=\"text-align: center;\"><span style=\"color: #993300;\"> wei\u00df der Name noch, <\/span><\/h1>\n<p style=\"text-align: center;\"><span style=\"color: #993300; font-size: 14pt;\">dass das Leben im &#8222;Om&#8220; regiert &#8230; <\/span><\/p>\n<p style=\"text-align: center;\"><span style=\"color: #993300; font-size: 14pt;\">dass im K\u00f6rper nur schwarzes Licht ist ..?!<\/span><\/p>\n<p style=\"text-align: center;\"><span style=\"color: #993300; font-size: 14pt;\"> Was ich tue und was ich esse,<\/span><\/p>\n<p style=\"text-align: center;\"><span style=\"color: #993300; font-size: 14pt;\"> wenn mein K\u00f6rper das regiert, was das Om nicht zu leben wei\u00df ???<\/span><\/p>\n<p style=\"text-align: center;\"><span style=\"color: #993300; font-size: 14pt;\"> Sind wir wirklich was wir sind? Sind wir wirklich das Licht was uns regiert?? <\/span><\/p>\n<p style=\"text-align: center;\"><span style=\"color: #993300; font-size: 14pt;\">Oder w\u00e4ren wir, was wir im Licht sind? Das was ein &#8222;Om&#8220; regiert?<\/span><\/p>\n<p style=\"text-align: center;\"><span style=\"color: #993300; font-size: 14pt;\">Dass ich wei\u00df, was ich sein will?<\/span><\/p>\n<p style=\"text-align: center;\"><span style=\"color: #993300; font-size: 14pt;\"> Und es ist nie, was es sein soll?<\/span><\/p>\n<p style=\"text-align: center;\"><span style=\"color: #993300; font-size: 14pt;\"> W\u00e4re ich es?<\/span><\/p>\n<p style=\"text-align: center;\"><span style=\"color: #993300; font-size: 14pt;\"> W\u00e4re es das &#8222;OM&#8220; ?<\/span><\/p>\n<p style=\"text-align: center;\"><span style=\"color: #993300; font-size: 14pt;\"> Oder w\u00e4ren wir alle das was wir wissen, wollen oder erleben? Und nie wissen was es ist???<\/span><\/p>\n<p style=\"text-align: center;\"><span style=\"color: #993300; font-size: 14pt;\"> Die Frage auf dass was ich sein will, ist : &#8222;dass ich wei\u00df, was ich sein kann&#8220; <\/span><\/p>\n<p style=\"text-align: center;\"><span style=\"color: #993300; font-size: 14pt;\">Wenn du mich fragst was ich bin&#8230;..<\/span><\/p>\n<p style=\"text-align: center;\"><span style=\"color: #993300; font-size: 14pt;\">\u00a0 antworte ich nur: <br \/>\n <\/span><\/p>\n<p style=\"text-align: center;\"><span style=\"color: #993300; font-size: 14pt;\"> !!Mein &#8222;OM&#8220; sagt, dass ich wei\u00df was ich will, was ich tue und was ich esse&#8230;! !<\/span><\/p>\n<p style=\"text-align: center;\"><span style=\"color: #993300;\"><span style=\"font-size: 14pt;\"> Und wenn ich wei\u00df was ich f\u00fchle &#8230;.<\/span> <\/span><\/p>\n<p style=\"text-align: center;\"><span style=\"color: #000000; font-size: 24pt;\">\u21d2<\/span><\/p>\n<h1 style=\"text-align: center;\"><span style=\"color: #993300;\"> tue ich es und frage nicht&#8230;<\/span><\/h1>\n<p style=\"text-align: center;\"><span style=\"color: #000000; font-size: 36pt;\">,,,,,,,,,,,<\/span><\/p>\n<p style=\"text-align: center;\">\u00a0<\/p>\n<p style=\"text-align: center;\">\u00a0<\/p>\n<p>&nbsp;<\/p>\n","protected":false},"excerpt":{"rendered":"<p>&nbsp; &nbsp; &nbsp; &nbsp; \u00a0 Ich bin was ich bin. Und nur das was ich bin \u00bf\u00bf\u00bf ist es das, was ich sein will ??? wenn der Name sagt: &#8222;Yonis du bist schwarzes Licht &#8222; Und das schwarze Licht sagt, dass ich wei\u00df, dass ich schwarz bin!? Wie soll ich das machen??? &hellip; <a class=\"kt-excerpt-readmore\" href=\"https:\/\/natercia.de\/de\/ich-bin-was-ich-bin\/\" aria-label=\"ich bin was ich bin\">Weiterlesen<\/a><\/p>\n","protected":false},"author":1,"featured_media":0,"parent":0,"menu_order":0,"comment_status":"open","ping_status":"closed","template":"","meta":{"footnotes":""},"_links":{"self":[{"href":"https:\/\/natercia.de\/de\/wp-json\/wp\/v2\/pages\/1888"}],"collection":[{"href":"https:\/\/natercia.de\/de\/wp-json\/wp\/v2\/pages"}],"about":[{"href":"https:\/\/natercia.de\/de\/wp-json\/wp\/v2\/types\/page"}],"author":[{"embeddable":true,"href":"https:\/\/natercia.de\/de\/wp-json\/wp\/v2\/users\/1"}],"replies":[{"embeddable":true,"href":"https:\/\/natercia.de\/de\/wp-json\/wp\/v2\/comments?post=1888"}],"version-history":[{"count":12,"href":"https:\/\/natercia.de\/de\/wp-json\/wp\/v2\/pages\/1888\/revisions"}],"predecessor-version":[{"id":1953,"href":"https:\/\/natercia.de\/de\/wp-json\/wp\/v2\/pages\/1888\/revisions\/1953"}],"wp:attachment":[{"href":"https:\/\/natercia.de\/de\/wp-json\/wp\/v2\/media?parent=1888"}],"curies":[{"name":"wp","href":"https:\/\/api.w.org\/{rel}","templated":true}]}}